{"id":5602,"date":"2017-01-26T11:25:03","date_gmt":"2017-01-26T11:25:03","guid":{"rendered":"https:\/\/planinlux.lu\/home-2\/"},"modified":"2026-01-06T21:49:33","modified_gmt":"2026-01-06T21:49:33","slug":"home-2","status":"publish","type":"page","link":"https:\/\/planinlux.lu\/es\/","title":{"rendered":"Inicio"},"content":{"rendered":"<div class=\"wpb-content-wrapper\"><p>[vc_row bg_type=\u00bbcolor\u00bb padding_top_multiplier=\u00bb3x\u00bb padding_bottom_multiplier=\u00bb\u00bb desktop_visibility=\u00bbhide\u00bb tablet_visibility=\u00bbhide\u00bb tablet_sm_visibility=\u00bbhide\u00bb][vc_column text_align=\u00bbcenter\u00bb]<div class=\"eut-element eut-box-icon eut-extra-large eut-side-icon eut-align-left eut-animated-item eut-fade-in-left eut-duration-normal\" style=\"\" data-delay=\"200\"><a href=\"https:\/\/planinlux.lu\/services\/\" title=\"Servicios\"><div class=\"eut-wrapper-icon eut-no-shape eut-text-grey\"><i class=\"eut-text-primary-1 et-icon-megaphone\"><\/i><\/div><div class=\"eut-box-content\"><div class=\"eut-box-title-wrapper\"><h5 class=\"eut-box-title eut-h4\">Nuestros servicios.<\/h5><\/div><\/div><\/a><\/div>[\/vc_column][\/vc_row][vc_row bg_type=\u00bbcolor\u00bb padding_top_multiplier=\u00bb5x\u00bb padding_bottom_multiplier=\u00bb4x\u00bb equal_column_height=\u00bbequal-column\u00bb tablet_landscape_equal_column_height=\u00bbfalse\u00bb][vc_column width=\u00bb1\/3&#8243; tablet_width=\u00bb1-3&#8243; tablet_sm_width=\u00bb1-2&#8243; mobile_width=\u00bbhide\u00bb css=\u00bb.vc_custom_1667661282192{margin-bottom: 10px !important;padding-top: 15px !important;padding-bottom: 15px !important;}\u00bb]<div class=\"eut-empty-space eut-height-4x\" style=\"\"><\/div><div class=\"eut-element eut-box-icon eut-extra-large eut-side-icon eut-align-left eut-animated-item eut-fade-in-left eut-duration-normal\" style=\"\" data-delay=\"200\"><div class=\"eut-wrapper-icon eut-no-shape eut-text-grey\"><i class=\"eut-text-primary-1 et-icon-megaphone\"><\/i><\/div><div class=\"eut-box-content\"><div class=\"eut-box-title-wrapper\"><h5 class=\"eut-box-title eut-h4\">Nuestros servicios.<\/h5><\/div><\/div><\/div>[\/vc_column][vc_column width=\u00bb1\/3&#8243; tablet_width=\u00bb1-3&#8243; tablet_sm_width=\u00bb1-2&#8243; heading_color=\u00bblight\u00bb text_align=\u00bbcenter\u00bb css=\u00bb.vc_custom_1667571496292{margin-bottom: 10% !important;padding-top: 15% !important;padding-bottom: 15% !important;background-color: #000000 !important;background-position: center !important;background-repeat: no-repeat !important;background-size: cover !important;}\u00bb font_color=\u00bb#ffffff\u00bb]<div class=\"eut-element eut-slogan eut-align-center\" style=\"\"><h5 class=\"eut-slogan-title eut-align-center eut-h5\"><span>Servicios de Consultor\u00eda<\/span><\/h5>  <p class=\"\">Creaci\u00f3n de empresas<br \/>\nAlta de aut\u00f3nomos<br \/>\nPlan de negocios<br \/>\nPropiedad intelectual<br \/>\nCertificaciones<br \/>\nInternacionalizaci\u00f3n<br \/>\nDesplazamiento de trabajadores<br \/>\nProspecci\u00f3n de clientes<br \/>\nGestiones administrativas<br \/>\n<\/p><\/div><div class=\"eut-empty-space eut-height-1x\" style=\"\"><\/div><div class=\"eut-element eut-align-center\"><a href=\"https:\/\/planinlux.lu\/es\/soluciones\/servicios-de-consultoria\/\" title=\"Servicios de Consultor\u00eda\" class=\"eut-btn eut-btn-medium eut-round eut-bg-white eut-bg-hover-primary-1\"><span>M\u00e1s informaci\u00f3n<\/span><\/a><\/div>[\/vc_column][vc_column width=\u00bb1\/3&#8243; tablet_width=\u00bb1-3&#8243; tablet_sm_width=\u00bb1-2&#8243; heading_color=\u00bblight\u00bb css=\u00bb.vc_custom_1610662757670{margin-bottom: 10% !important;padding-top: 15% !important;padding-bottom: 15% !important;background-color: #2ac187 !important;background-position: center !important;background-repeat: no-repeat !important;background-size: cover !important;}\u00bb font_color=\u00bb#ffffff\u00bb]<div class=\"eut-element eut-slogan eut-align-center\" style=\"\"><h5 class=\"eut-slogan-title eut-align-center eut-h5\"><span>Comunicaci\u00f3n &amp; Eventos<\/span><\/h5>  <p class=\"\">Desarrollo de P\u00e1ginas Web<br \/>\nOrganizaci\u00f3n de eventos<br \/>\nMantenimiento y Soporte WordPress<br \/>\nConfiguraci\u00f3n de cuentas email<br \/>\nExternalizaci\u00f3n de servicios de comunicacion<br \/>\nRedes Sociales<\/p><\/div><div class=\"eut-empty-space eut-height-2x\" style=\"\"><\/div><div class=\"eut-element eut-align-center\"><a href=\"https:\/\/planinlux.lu\/es\/soluciones\/comunicacion-eventos\/\" title=\"Comunicaci\u00f3n &amp; Eventos\" class=\"eut-btn eut-btn-medium eut-round eut-bg-white eut-bg-hover-black\"><span>M\u00e1s informaci\u00f3n<\/span><\/a><\/div>[\/vc_column][vc_column width=\u00bb1\/3&#8243; tablet_width=\u00bbhide\u00bb tablet_sm_width=\u00bb1-2&#8243; mobile_width=\u00bbhide\u00bb tablet_sm_text_align=\u00bbcenter\u00bb css=\u00bb.vc_custom_1667661760046{background-image: url(https:\/\/planinlux.lu\/wp-content\/uploads\/2021\/02\/puzzle-verde-scaled.jpeg?id=4904) !important;background-position: center !important;background-repeat: no-repeat !important;background-size: cover !important;}\u00bb font_color=\u00bb#000000&#8243;][\/vc_column][vc_column width=\u00bb1\/3&#8243; tablet_width=\u00bbhide\u00bb tablet_sm_width=\u00bbhide\u00bb tablet_sm_text_align=\u00bbcenter\u00bb heading_color=\u00bblight\u00bb css=\u00bb.vc_custom_1610663312851{padding-top: 15% !important;padding-bottom: 15% !important;background-color: #000000 !important;background-position: center !important;background-repeat: no-repeat !important;background-size: cover !important;}\u00bb font_color=\u00bb#ffffff\u00bb]<div class=\"eut-element eut-slogan eut-align-center\" style=\"\"><h5 class=\"eut-slogan-title eut-align-center eut-h5\"><span>Gesti\u00f3n de proyectos<\/span><\/h5><\/div><div class=\"eut-element eut-slogan eut-align-center\" style=\"\"><h5 class=\"eut-slogan-title eut-align-center eut-h5\"><span>&amp; Financiaci\u00f3n<\/span><\/h5>  <p class=\"\">Oportunidades de financiaci\u00f3n<br \/>\nAsistencia t\u00e9cnica<br \/>\nParticipaci\u00f3n en proyectos<br \/>\nlocales y europeo<\/p><\/div><div class=\"eut-empty-space eut-height-2x\" style=\"\"><\/div><div class=\"eut-element eut-align-center\"><a href=\"https:\/\/planinlux.lu\/es\/soluciones\/gestion-de-proyectos-financiacion-de-la-ue\/\" title=\"Gesti\u00f3n de proyectos\" class=\"eut-btn eut-btn-medium eut-round eut-bg-white eut-bg-hover-primary-1\"><span>M\u00e1s informaci\u00f3n<\/span><\/a><\/div>[\/vc_column][vc_column width=\u00bb1\/3&#8243; tablet_width=\u00bbhide\u00bb tablet_sm_width=\u00bbhide\u00bb heading_color=\u00bblight\u00bb css=\u00bb.vc_custom_1610663319440{padding-top: 15% !important;padding-bottom: 15% !important;background-color: #2ac187 !important;background-position: center !important;background-repeat: no-repeat !important;background-size: cover !important;}\u00bb font_color=\u00bb#ffffff\u00bb]<div class=\"eut-element eut-slogan eut-align-center\" style=\"\"><h5 class=\"eut-slogan-title eut-align-center eut-h5\"><span>Formaci\u00f3n<\/span><\/h5>  <p class=\"\">Workshops<br \/>\nBuenas pr\u00e1cticas<br \/>\nFormaciones &amp; Certificaciones en normas ISO<\/p><\/div><div class=\"eut-empty-space eut-height-2x\" style=\"\"><\/div><div class=\"eut-element eut-align-center\"><a href=\"https:\/\/planinlux.lu\/es\/soluciones\/formacion\/\" title=\"Formaci\u00f3n\" class=\"eut-btn eut-btn-medium eut-round eut-bg-white eut-bg-hover-black\"><span>M\u00e1s informaci\u00f3n<\/span><\/a><\/div>[\/vc_column][\/vc_row][vc_row bg_type=\u00bbcolor\u00bb padding_top_multiplier=\u00bb\u00bb equal_column_height=\u00bbequal-column\u00bb desktop_visibility=\u00bbhide\u00bb mobile_visibility=\u00bbhide\u00bb bg_color=\u00bb#eaeaea\u00bb][vc_column width=\u00bb1\/3&#8243; desktop_hide=\u00bbhide\u00bb tablet_sm_width=\u00bbhide\u00bb mobile_width=\u00bbhide\u00bb heading_color=\u00bblight\u00bb css=\u00bb.vc_custom_1613142825029{margin-bottom: 10px !important;padding-top: 15px !important;padding-bottom: 15px !important;background-image: url(https:\/\/planinlux.lu\/wp-content\/uploads\/2021\/02\/puzzle-verde-scaled.jpeg?id=4904) !important;background-position: center !important;background-repeat: no-repeat !important;background-size: cover !important;}\u00bb font_color=\u00bb#ffffff\u00bb][\/vc_column][vc_column width=\u00bb1\/3&#8243; tablet_sm_width=\u00bb1-2&#8243; heading_color=\u00bblight\u00bb css=\u00bb.vc_custom_1610663138531{margin-bottom: 10px !important;padding-top: 15px !important;padding-bottom: 15px !important;background-color: #000000 !important;background-position: center !important;background-repeat: no-repeat !important;background-size: cover !important;}\u00bb font_color=\u00bb#ffffff\u00bb]<div class=\"eut-empty-space eut-height-2x\" style=\"\"><\/div><div class=\"eut-element eut-slogan eut-align-center\" style=\"\"><h5 class=\"eut-slogan-title eut-align-center eut-h5\"><span>Gesti\u00f3n de proyectos<\/span><\/h5><\/div><div class=\"eut-element eut-slogan eut-align-center\" style=\"\"><h5 class=\"eut-slogan-title eut-align-center eut-h5\"><span>&amp; Financiaci\u00f3n<\/span><\/h5>  <p class=\"\">Oportunidades de financiaci\u00f3n<br \/>\nAsistencia t\u00e9cnica<br \/>\nParticipaci\u00f3n en proyectos<br \/>\nlocales y europeo<\/p><\/div><div class=\"eut-empty-space eut-height-2x\" style=\"\"><\/div><div class=\"eut-element eut-align-center\"><a href=\"https:\/\/planinlux.lu\/services\/project-management\/\" title=\"Gesti\u00f3n de proyectos\" class=\"eut-btn eut-btn-medium eut-round eut-bg-white eut-bg-hover-primary-1\"><span>M\u00e1s informaci\u00f3n<\/span><\/a><\/div><div class=\"eut-empty-space eut-height-2x\" style=\"\"><\/div>[\/vc_column][vc_column width=\u00bb1\/3&#8243; tablet_sm_width=\u00bb1-2&#8243; heading_color=\u00bblight\u00bb css=\u00bb.vc_custom_1610661750222{margin-bottom: 10px !important;padding-top: 15px !important;padding-bottom: 15px !important;background-color: #2ac187 !important;background-position: center !important;background-repeat: no-repeat !important;background-size: cover !important;}\u00bb font_color=\u00bb#ffffff\u00bb]<div class=\"eut-empty-space eut-height-2x\" style=\"\"><\/div><div class=\"eut-element eut-slogan eut-align-center\" style=\"\"><h5 class=\"eut-slogan-title eut-align-center eut-h5\"><span>Formaci\u00f3n<\/span><\/h5>  <p class=\"\">Motivaci\u00f3n para el cambio<br \/>\nTalleres<br \/>\nBuenas pr\u00e1cticas<br \/>\nFormaciones y certificaciones en normas ISO<\/p><\/div><div class=\"eut-empty-space eut-height-2x\" style=\"\"><\/div><div class=\"eut-element eut-align-center\"><a href=\"https:\/\/planinlux.lu\/es\/soluciones\/formacion\/\" title=\"Formaci\u00f3n\" class=\"eut-btn eut-btn-medium eut-round eut-bg-white eut-bg-hover-black\"><span>M\u00e1s informaci\u00f3n<\/span><\/a><\/div><div class=\"eut-empty-space eut-height-2x\" style=\"\"><\/div>[\/vc_column][\/vc_row][vc_row bg_type=\u00bbcolor\u00bb padding_top_multiplier=\u00bb3x\u00bb padding_bottom_multiplier=\u00bb3x\u00bb separator_top=\u00bbtriangle-separator\u00bb separator_top_size=\u00bb60px\u00bb bg_color=\u00bb#eaeaea\u00bb][vc_column]<div class=\"eut-empty-space eut-height-1x\" style=\"\"><\/div><div class=\"eut-element eut-title eut-align-center eut-h4\" style=\"\"><span><strong>Consigue hasta un 70 % de financiaci\u00f3n para tu comunicaci\u00f3n digital a trav\u00e9s del SME Package Digital<\/strong><\/span><\/div><div class=\"eut-element eut-divider eut-align-center\" style=\"padding-top: 20px;padding-bottom: 20px;\"><span class=\"eut-custom-divider eut-bg-primary-1\" style=\"width: 96px;height: 2px;\"><\/span><\/div>[vc_column_text css=\u00bb\u00bb]<\/p>\n<p style=\"text-align: center;\">Somos proveedores en el programa SME Package Digital de la House of Entrepreneurship y Luxinnovation<\/p>\n<p>[\/vc_column_text]<div class=\"eut-empty-space eut-height-1x\" style=\"\"><\/div><div class=\"eut-element eut-image eut-align-center\" style=\"\">  <div class=\"eut-image-wrapper\"><img loading=\"lazy\" decoding=\"async\" width=\"391\" height=\"176\" src=\"https:\/\/planinlux.lu\/wp-content\/uploads\/2024\/04\/SME-Package-Digital-Luxembourg.webp\" class=\"attachment-full size-full\" alt=\"\" srcset=\"https:\/\/planinlux.lu\/wp-content\/uploads\/2024\/04\/SME-Package-Digital-Luxembourg.webp 391w, https:\/\/planinlux.lu\/wp-content\/uploads\/2024\/04\/SME-Package-Digital-Luxembourg-300x135.webp 300w, https:\/\/planinlux.lu\/wp-content\/uploads\/2024\/04\/SME-Package-Digital-Luxembourg-320x144.webp 320w\" sizes=\"auto, (max-width: 391px) 100vw, 391px\" \/>   <\/div><\/div>[vc_column_text css=\u00bb\u00bb]<\/p>\n<p style=\"text-align: left;\"><strong>USTED ES ELEGIBLE SI :<\/strong><\/p>\n<p>[\/vc_column_text]<div class=\"eut-empty-space eut-height-1x\" style=\"\"><\/div>[vc_row_inner][vc_column_inner width=\u00bb1\/4&#8243;]<div class=\"eut-element eut-box-icon eut-medium eut-side-icon eut-align-left\" style=\"\"><div class=\"eut-wrapper-icon eut-no-shape eut-text-grey\"><i class=\"eut-text-primary-1 et-icon-document\"><\/i><\/div><div class=\"eut-box-content\">  <p class=\"\">Dispone de una autorisaci\u00f3n comercial expedida por la Direcci\u00f3n General de Clases Medias de Ministerio de Econom\u00eda de Luxemburgo<\/p><\/div><\/div><div class=\"eut-empty-space eut-height-1x\" style=\"\"><\/div>[\/vc_column_inner][vc_column_inner width=\u00bb1\/4&#8243;]<div class=\"eut-element eut-box-icon eut-medium eut-side-icon eut-align-left\" style=\"\"><div class=\"eut-wrapper-icon eut-no-shape eut-text-grey\"><i class=\"eut-text-primary-1 et-icon-bargraph\"><\/i><\/div><div class=\"eut-box-content\">  <p class=\"\">Su empresa re\u00fane las condiciones para ser considerada una PYME en t\u00e9rminos de personal, cifra de negocios y balance anual<\/p><\/div><\/div><div class=\"eut-empty-space eut-height-1x\" style=\"\"><\/div>[\/vc_column_inner][vc_column_inner width=\u00bb1\/4&#8243;]<div class=\"eut-element eut-box-icon eut-medium eut-side-icon eut-align-left\" style=\"\"><div class=\"eut-wrapper-icon eut-no-shape eut-text-grey\"><i class=\"eut-text-primary-1 et-icon-map-pin\"><\/i><\/div><div class=\"eut-box-content\">  <p class=\"\">Su empresa tiene la sede social en Luxemburgo<\/p><\/div><\/div><div class=\"eut-empty-space eut-height-2x\" style=\"\"><\/div>[\/vc_column_inner][vc_column_inner width=\u00bb1\/4&#8243;]<div class=\"eut-element eut-align-center eut-fluid-button\"><a href=\"https:\/\/planinlux.lu\/es\/soluciones\/comunicacion-eventos\/proyectos-digitales\/\" title=\"Proyectos Digitales\" class=\"eut-btn eut-btn-large eut-round eut-bg-white eut-bg-hover-primary-1\" style=\"max-width: 250px;\"><span><i class=\"fas fa-arrow-alt-circle-right\"><\/i>M\u00e1s informaci\u00f3n sobre el programa SME Package Digital<\/span><\/a><\/div>[\/vc_column_inner][\/vc_row_inner][\/vc_column][\/vc_row][vc_row padding_top_multiplier=\u00bb4x\u00bb padding_bottom_multiplier=\u00bb\u00bb columns_gap=\u00bb40&#8243;][vc_column]<div class=\"eut-empty-space eut-height-1x\" style=\"\"><\/div><div class=\"eut-element eut-title eut-align-center eut-h4\" style=\"\"><span><strong>Soluciones integrales para empresas.<\/strong><\/span><\/div><div class=\"eut-element eut-divider eut-align-center\" style=\"padding-top: 0px;padding-bottom: 20px;\"><span class=\"eut-custom-divider eut-bg-primary-1\" style=\"width: 96px;height: 2px;\"><\/span><\/div>[vc_column_text]<\/p>\n<p style=\"text-align: center;\">Ofrecemos soluciones integrales adaptadas a cada etapa de la trayectoria de desarrollo empresarial de nuestros clientes.<\/p>\n<p>[\/vc_column_text]<div class=\"eut-empty-space eut-height-2x\" style=\"\"><\/div><div class=\"eut-element eut-image eut-align-center\" style=\"\">  <div class=\"eut-image-wrapper\"><img loading=\"lazy\" decoding=\"async\" width=\"1092\" height=\"603\" src=\"https:\/\/planinlux.lu\/wp-content\/uploads\/2024\/02\/Business-services-Planinlux-6-e1707846681707.png\" class=\"attachment-full size-full\" alt=\"\" srcset=\"https:\/\/planinlux.lu\/wp-content\/uploads\/2024\/02\/Business-services-Planinlux-6-e1707846681707.png 1092w, https:\/\/planinlux.lu\/wp-content\/uploads\/2024\/02\/Business-services-Planinlux-6-e1707846681707-300x166.png 300w, https:\/\/planinlux.lu\/wp-content\/uploads\/2024\/02\/Business-services-Planinlux-6-e1707846681707-1024x565.png 1024w, https:\/\/planinlux.lu\/wp-content\/uploads\/2024\/02\/Business-services-Planinlux-6-e1707846681707-768x424.png 768w, https:\/\/planinlux.lu\/wp-content\/uploads\/2024\/02\/Business-services-Planinlux-6-e1707846681707-320x177.png 320w, https:\/\/planinlux.lu\/wp-content\/uploads\/2024\/02\/Business-services-Planinlux-6-e1707846681707-480x265.png 480w, https:\/\/planinlux.lu\/wp-content\/uploads\/2024\/02\/Business-services-Planinlux-6-e1707846681707-800x442.png 800w\" sizes=\"auto, (max-width: 1092px) 100vw, 1092px\" \/>   <\/div><\/div>[\/vc_column][\/vc_row][vc_row][vc_column]<div class=\"eut-empty-space eut-height-3x\" style=\"\"><\/div>[\/vc_column][\/vc_row][vc_row bg_type=\u00bbcolor\u00bb padding_top_multiplier=\u00bb4x\u00bb columns_gap=\u00bb40&#8243; equal_column_height=\u00bbmiddle-content\u00bb separator_top_size=\u00bb120px\u00bb separator_bottom=\u00bbtilt-left-separator\u00bb separator_bottom_size=\u00bb120px\u00bb font_color=\u00bb#000000&#8243; bg_color=\u00bb#eaeaea\u00bb][vc_column css=\u00bb.vc_custom_1639821641274{margin-top: px !important;}\u00bb]<div class=\"eut-element eut-title eut-align-left eut-h4\" style=\"\"><span><strong>Consulte nuestra oferta de formaciones y certificaciones en normas ISO. <\/strong><\/span><\/div><div class=\"eut-element eut-divider eut-align-left\" style=\"padding-top: 0px;padding-bottom: 20px;\"><span class=\"eut-custom-divider eut-bg-primary-1\" style=\"width: 96px;height: 2px;\"><\/span><\/div>[vc_column_text css=\u00bb\u00bb]Nuestra oferta formativa est\u00e1 dise\u00f1ada para ayudar a tu organizaci\u00f3n a crecer. Antic\u00edpate al cambio y proporciona a tu equipo las herramientas y los conocimientos que necesitan para trabajar con confianza.[\/vc_column_text]<div class=\"eut-empty-space eut-height-1x\" style=\"\"><\/div><div class=\"eut-element eut-align-left eut-animated-item eut-fade-in-left eut-duration-normal\" data-delay=\"200\"><a href=\"https:\/\/planinlux.lu\/es\/soluciones\/formacion\/\" title=\"Formaci\u00f3n\" class=\"eut-btn eut-btn-medium eut-round eut-bg-black eut-bg-hover-primary-1\"><span><i class=\"fas fa-angle-double-right\"><\/i>Descubre nuestras soluciones de formaci\u00f3n a partir de 250 \u20ac<\/span><\/a><\/div><div class=\"eut-empty-space eut-height-2x\" style=\"\"><\/div><div class=\"eut-element eut-flexible-carousel eut-carousel eut-layout-1 eut-with-gap\" style=\"\"><div class=\"eut-carousel-wrapper\"><div class=\"eut-carousel-navigation eut-dark eut-navigation-1 eut-navigation-carousel\">\t<div class=\"eut-carousel-buttons\">\t\t<div class=\"eut-carousel-prev\">\t\t\t<i class=\"eut-icon-nav-left-small\"><\/i>\t\t<\/div>\t\t<div class=\"eut-carousel-next\">\t\t\t<i class=\"eut-icon-nav-right-small\"><\/i>\t\t<\/div>\t<\/div><\/div>\t<div class=\"eut-flexible-carousel-element \" data-items=\"2\" data-items-tablet-landscape=\"2\" data-items-tablet-portrait=\"2\" data-items-mobile=\"1\" data-slider-speed=\"3000\" data-pagination-speed=\"400\" data-pagination=\"no\" data-slider-autoheight=\"no\" data-slider-pause=\"no\" data-slider-autoplay=\"yes\"><div class=\"eut-element eut-image eut-align-center\" style=\"\">  <div class=\"eut-image-wrapper\"><a href=\"https:\/\/planinlux.lu\/es\/soluciones\/formacion\/iso-26000-responsabilidad-social\/\" title=\"ISO 26000 Responsabilidad Social\"><img loading=\"lazy\" decoding=\"async\" width=\"5333\" height=\"2294\" src=\"https:\/\/planinlux.lu\/wp-content\/uploads\/2021\/11\/ISO-26000-training-offer-1.png\" class=\"attachment-full size-full\" alt=\"\" srcset=\"https:\/\/planinlux.lu\/wp-content\/uploads\/2021\/11\/ISO-26000-training-offer-1.png 1x,https:\/\/planinlux.lu\/wp-content\/uploads\/2021\/11\/ISO-26000-training-offer-1.png 2x\" \/><\/a>   <\/div><\/div><div class=\"eut-element eut-image eut-align-center\" style=\"\">  <div class=\"eut-image-wrapper\"><a href=\"https:\/\/planinlux.lu\/es\/soluciones\/formacion\/iso-14001-sistemas-de-gestion-ambiental\/\" title=\"ISO 14001 Sistemas de gesti\u00f3n ambiental\"><img loading=\"lazy\" decoding=\"async\" width=\"5333\" height=\"2294\" src=\"https:\/\/planinlux.lu\/wp-content\/uploads\/2021\/11\/ISO-14001-training-offer.png\" class=\"attachment-full size-full\" alt=\"\" srcset=\"https:\/\/planinlux.lu\/wp-content\/uploads\/2021\/11\/ISO-14001-training-offer.png 1x,https:\/\/planinlux.lu\/wp-content\/uploads\/2021\/11\/ISO-14001-training-offer.png 2x\" \/><\/a>   <\/div><\/div><div class=\"eut-element eut-image eut-align-center\" style=\"\">  <div class=\"eut-image-wrapper\"><a href=\"https:\/\/planinlux.lu\/es\/soluciones\/formacion\/iso-45001-sistemas-de-gestion-de-la-seguridad-y-salud-en-el-trabajo\/\" title=\"ISO 45001 Sistemas de gesti\u00f3n de la seguridad y salud en el trabajo\"><img loading=\"lazy\" decoding=\"async\" width=\"5333\" height=\"2294\" src=\"https:\/\/planinlux.lu\/wp-content\/uploads\/2021\/11\/ISO-45001-training-offer.png\" class=\"attachment-full size-full\" alt=\"\" srcset=\"https:\/\/planinlux.lu\/wp-content\/uploads\/2021\/11\/ISO-45001-training-offer.png 1x,https:\/\/planinlux.lu\/wp-content\/uploads\/2021\/11\/ISO-45001-training-offer.png 2x\" \/><\/a>   <\/div><\/div><div class=\"eut-element eut-image eut-align-center\" style=\"\">  <div class=\"eut-image-wrapper\"><a href=\"https:\/\/planinlux.lu\/es\/soluciones\/formacion\/iso-50001-sistema-de-gestion-de-la-energia\/\" title=\"ISO 50001 Sistema de Gesti\u00f3n de la Energ\u00eda\"><img loading=\"lazy\" decoding=\"async\" width=\"10667\" height=\"4587\" src=\"https:\/\/planinlux.lu\/wp-content\/uploads\/2022\/11\/ISO-50001-training-offer-1.png\" class=\"attachment-full size-full\" alt=\"\" srcset=\"https:\/\/planinlux.lu\/wp-content\/uploads\/2022\/11\/ISO-50001-training-offer-1.png 1x,https:\/\/planinlux.lu\/wp-content\/uploads\/2022\/11\/ISO-50001-training-offer-1.png 2x\" \/><\/a>   <\/div><\/div><div class=\"eut-element eut-image eut-align-center\" style=\"\">  <div class=\"eut-image-wrapper\"><a href=\"https:\/\/planinlux.lu\/es\/soluciones\/formacion\/iso-20400-directrices-para-compras-sostenibles\/\" title=\"ISO 20400 Directrices para Compras Sostenibles\"><img loading=\"lazy\" decoding=\"async\" width=\"10667\" height=\"4587\" src=\"https:\/\/planinlux.lu\/wp-content\/uploads\/2022\/11\/ISO-20400-training-offer.png\" class=\"attachment-full size-full\" alt=\"\" srcset=\"https:\/\/planinlux.lu\/wp-content\/uploads\/2022\/11\/ISO-20400-training-offer.png 1x,https:\/\/planinlux.lu\/wp-content\/uploads\/2022\/11\/ISO-20400-training-offer.png 2x\" \/><\/a>   <\/div><\/div><div class=\"eut-element eut-image eut-align-center\" style=\"\">  <div class=\"eut-image-wrapper\"><a href=\"https:\/\/planinlux.lu\/es\/soluciones\/formacion\/iso-37101-sistemas-de-gestion-para-el-desarrollo-sostenible-en-las-comunidades\/\" title=\"ISO 37101 Sistemas de Gesti\u00f3n para el Desarrollo Sostenible en las Comunidades\"><img loading=\"lazy\" decoding=\"async\" width=\"10667\" height=\"4587\" src=\"https:\/\/planinlux.lu\/wp-content\/uploads\/2022\/11\/ISO-37101-training-offer.png\" class=\"attachment-full size-full\" alt=\"\" srcset=\"https:\/\/planinlux.lu\/wp-content\/uploads\/2022\/11\/ISO-37101-training-offer.png 1x,https:\/\/planinlux.lu\/wp-content\/uploads\/2022\/11\/ISO-37101-training-offer.png 2x\" \/><\/a>   <\/div><\/div><div class=\"eut-element eut-image eut-align-center\" style=\"\">  <div class=\"eut-image-wrapper\"><a href=\"https:\/\/planinlux.lu\/es\/soluciones\/formacion\/iso-14001-sistemas-de-gestion-ambiental-2\/\" title=\"ISO 22000 \u2014 Sistema de Gesti\u00f3n de la Inocuidad de los Alimentos\"><img loading=\"lazy\" decoding=\"async\" width=\"10667\" height=\"4587\" src=\"https:\/\/planinlux.lu\/wp-content\/uploads\/2022\/11\/ISO-22000-training-offer.png\" class=\"attachment-full size-full\" alt=\"\" srcset=\"https:\/\/planinlux.lu\/wp-content\/uploads\/2022\/11\/ISO-22000-training-offer.png 1x,https:\/\/planinlux.lu\/wp-content\/uploads\/2022\/11\/ISO-22000-training-offer.png 2x\" \/><\/a>   <\/div><\/div><div class=\"eut-element eut-image eut-align-center\" style=\"\">  <div class=\"eut-image-wrapper\"><a href=\"https:\/\/planinlux.lu\/es\/soluciones\/formacion\/reglamento-general-de-proteccion-de-datos-rgpd\/\" title=\"Reglamento General de Protecci\u00f3n de Datos (RGPD)\"><img loading=\"lazy\" decoding=\"async\" width=\"10667\" height=\"4587\" src=\"https:\/\/planinlux.lu\/wp-content\/uploads\/2022\/11\/GDPR-training-offer.png\" class=\"attachment-full size-full\" alt=\"\" srcset=\"https:\/\/planinlux.lu\/wp-content\/uploads\/2022\/11\/GDPR-training-offer.png 1x,https:\/\/planinlux.lu\/wp-content\/uploads\/2022\/11\/GDPR-training-offer.png 2x\" \/><\/a>   <\/div><\/div>\t<\/div>  <\/div><\/div><div class=\"eut-empty-space eut-height-5x\" style=\"\"><\/div>[\/vc_column][\/vc_row][vc_row padding_top_multiplier=\u00bb4x\u00bb padding_bottom_multiplier=\u00bb\u00bb columns_gap=\u00bb60&#8243;][vc_column css=\u00bb.vc_custom_1599228153902{margin-bottom: -60px !important;}\u00bb]<div class=\"eut-element eut-title eut-align-center eut-h4\" style=\"\"><span><strong>\u00bfPor qu\u00e9 nuestros clientes nos eligen?<\/strong><\/span><\/div><div class=\"eut-element eut-divider eut-align-center\" style=\"padding-top: 0px;padding-bottom: 10px;\"><span class=\"eut-custom-divider eut-bg-primary-1\" style=\"width: 96px;height: 2px;\"><\/span><\/div><div class=\"eut-empty-space eut-height-3x\" style=\"\"><\/div>[\/vc_column][\/vc_row][vc_row padding_top_multiplier=\u00bb\u00bb padding_bottom_multiplier=\u00bb2x\u00bb mobile_visibility=\u00bbhide\u00bb][vc_column width=\u00bb1\/4&#8243;]<div class=\"eut-element eut-box-icon eut-medium eut-top-icon eut-align-center eut-animated-item eut-fade-in-left eut-duration-normal eut-with-shape\" style=\"\" data-delay=\"200\"><div class=\"eut-wrapper-icon eut-outline eut-circle eut-text-primary-1\"><i class=\"eut-text-primary-1 fas fa-chart-line\"><\/i><\/div><div class=\"eut-box-content\"><div class=\"eut-box-title-wrapper\"><h3 class=\"eut-box-title eut-h5\">Pasi\u00f3n por los resultados<\/h3><\/div>  <p class=\"\">Escuchamos a las empresas y a nuestros clientes para entender sus necesidades y ofrecerles los servicios que mejor se adapten a sus objetivos. Nuestro \u00e9xito se basa en el \u00e9xito de nuestros clientes.<\/p><\/div><\/div>[\/vc_column][vc_column width=\u00bb1\/4&#8243;]<div class=\"eut-element eut-box-icon eut-medium eut-top-icon eut-align-center eut-animated-item eut-fade-in-left eut-duration-normal eut-with-shape\" style=\"\" data-delay=\"200\"><div class=\"eut-wrapper-icon eut-outline eut-circle eut-text-primary-1\"><i class=\"eut-text-primary-1 fa fa-solid fa-location-dot\"><\/i><\/div><div class=\"eut-box-content\"><div class=\"eut-box-title-wrapper\"><h3 class=\"eut-box-title eut-h5\">Apoyo integral<\/h3><\/div>  <p class=\"\">Ofrecemos servicios integrados de consultor\u00eda, comunicaci\u00f3n y financiaci\u00f3n, actuando como interlocutor \u00fanico para las necesidades de tu empresa.<\/p><\/div><\/div>[\/vc_column][vc_column width=\u00bb1\/4&#8243;]<div class=\"eut-element eut-box-icon eut-medium eut-top-icon eut-align-center eut-animated-item eut-fade-in-right eut-duration-normal eut-with-shape\" style=\"\" data-delay=\"200\"><div class=\"eut-wrapper-icon eut-outline eut-circle eut-text-primary-1\"><i class=\"eut-text-primary-1 far fa-lightbulb\"><\/i><\/div><div class=\"eut-box-content\"><div class=\"eut-box-title-wrapper\"><h3 class=\"eut-box-title eut-h5\">Innovaci\u00f3n<\/h3><\/div>  <p class=\"\">Mejoramos constantemente nuestros procesos operativos gracias a la innovaci\u00f3n y a la implementaci\u00f3n de nuevos m\u00e9todos e ideas disruptivas.<\/p><\/div><\/div>[\/vc_column][vc_column width=\u00bb1\/4&#8243;]<div class=\"eut-element eut-box-icon eut-medium eut-top-icon eut-align-center eut-animated-item eut-fade-in-right eut-duration-normal eut-with-shape\" style=\"\" data-delay=\"200\"><div class=\"eut-wrapper-icon eut-outline eut-circle eut-text-primary-1\"><i class=\"eut-text-primary-1 fas fa-users\"><\/i><\/div><div class=\"eut-box-content\"><div class=\"eut-box-title-wrapper\"><h3 class=\"eut-box-title eut-h5\">Profesionalidad<\/h3><\/div>  <p class=\"\">Actuamos siempre con honestidad, responsabilidad y aptitud, construyendo relaciones de confianza con nuestros clientes.<\/p><\/div><\/div>[\/vc_column][\/vc_row][vc_row padding_bottom_multiplier=\u00bb3x\u00bb desktop_visibility=\u00bbhide\u00bb tablet_visibility=\u00bbhide\u00bb tablet_sm_visibility=\u00bbhide\u00bb][vc_column width=\u00bb1\/4&#8243;]<div class=\"eut-empty-space eut-height-1x\" style=\"\"><\/div><div class=\"eut-element eut-box-icon eut-large eut-top-icon eut-align-center eut-animated-item eut-fade-in-left eut-duration-normal eut-with-shape\" style=\"\" data-delay=\"200\"><div class=\"eut-wrapper-icon eut-outline eut-circle eut-text-primary-1\"><i class=\"eut-text-primary-1 far fa-dot-circle\"><\/i><\/div><div class=\"eut-box-content\"><div class=\"eut-box-title-wrapper\"><h3 class=\"eut-box-title eut-h3\">PASI\u00d3N POR EL RESULTADO<\/h3><\/div>  <p class=\"\">Escuchamos a las empresas y a nuestros clientes para entender sus necesidades y ofrecerles los servicios que mejor se adapten a sus objetivos. Nuestro \u00e9xito se basa en el \u00e9xito de nuestros clientes.<\/p><\/div><\/div><div class=\"eut-empty-space eut-height-1x\" style=\"\"><\/div>[\/vc_column][vc_column width=\u00bb1\/4&#8243;]<div class=\"eut-element eut-box-icon eut-large eut-top-icon eut-align-center eut-animated-item eut-fade-in-left eut-duration-normal eut-with-shape\" style=\"\" data-delay=\"200\"><div class=\"eut-wrapper-icon eut-outline eut-circle eut-text-primary-1\"><i class=\"eut-text-primary-1 fa fa-solid fa-location-dot\"><\/i><\/div><div class=\"eut-box-content\"><div class=\"eut-box-title-wrapper\"><h3 class=\"eut-box-title eut-h3\">Apoyo integral<\/h3><\/div>  <p class=\"\">Ofrecemos servicios integrados de consultor\u00eda, comunicaci\u00f3n y financiaci\u00f3n, actuando como interlocutor \u00fanico para las necesidades de tu empresa.<\/p><\/div><\/div><div class=\"eut-empty-space eut-height-1x\" style=\"\"><\/div>[\/vc_column][vc_column width=\u00bb1\/4&#8243;]<div class=\"eut-element eut-box-icon eut-large eut-top-icon eut-align-center eut-animated-item eut-fade-in-right eut-duration-normal eut-with-shape\" style=\"\" data-delay=\"200\"><div class=\"eut-wrapper-icon eut-outline eut-circle eut-text-primary-1\"><i class=\"eut-text-primary-1 far fa-lightbulb\"><\/i><\/div><div class=\"eut-box-content\"><div class=\"eut-box-title-wrapper\"><h3 class=\"eut-box-title eut-h3\">INNOVACI\u00d3N<\/h3><\/div>  <p class=\"\">Mejoramos constantemente nuestros procesos operativos gracias a la innovaci\u00f3n y a la implementaci\u00f3n de nuevos m\u00e9todos e ideas disruptivas.<\/p><\/div><\/div><div class=\"eut-empty-space eut-height-1x\" style=\"\"><\/div>[\/vc_column][vc_column width=\u00bb1\/4&#8243;]<div class=\"eut-element eut-box-icon eut-large eut-top-icon eut-align-center eut-animated-item eut-fade-in-right eut-duration-normal eut-with-shape\" style=\"\" data-delay=\"200\"><div class=\"eut-wrapper-icon eut-outline eut-circle eut-text-primary-1\"><i class=\"eut-text-primary-1 fas fa-users\"><\/i><\/div><div class=\"eut-box-content\"><div class=\"eut-box-title-wrapper\"><h3 class=\"eut-box-title eut-h3\">PROFESIONALIDAD<\/h3><\/div>  <p class=\"\">Actuamos siempre con honestidad, responsabilidad y aptitud, construyendo relaciones de confianza con nuestros clientes.<\/p><\/div><\/div>[\/vc_column][\/vc_row][vc_row][vc_column]<div class=\"eut-empty-space eut-height-2x\" style=\"\"><\/div>[\/vc_column][\/vc_row][vc_row bg_type=\u00bbcolor\u00bb padding_top_multiplier=\u00bb4x\u00bb padding_bottom_multiplier=\u00bb2x\u00bb columns_gap=\u00bb60&#8243; desktop_visibility=\u00bbhide\u00bb tablet_visibility=\u00bbhide\u00bb tablet_sm_visibility=\u00bbhide\u00bb mobile_visibility=\u00bbhide\u00bb separator_top=\u00bbtilt-left-separator\u00bb separator_top_size=\u00bb120px\u00bb font_color=\u00bb#000000&#8243; bg_color=\u00bb#eaeaea\u00bb][vc_column width=\u00bb1\/2&#8243; css=\u00bb.vc_custom_1631979900670{margin-top: -200px !important;margin-bottom: -20px !important;border-top-width: -20px !important;}\u00bb]<div class=\"eut-element eut-image eut-animated-item eut-fade-in-left eut-duration-normal eut-align-center\" style=\"\" data-delay=\"200\">  <div class=\"eut-image-wrapper\"><img loading=\"lazy\" decoding=\"async\" width=\"4000\" height=\"4583\" src=\"https:\/\/planinlux.lu\/wp-content\/uploads\/2021\/08\/Guide-RSE-1.png\" class=\"attachment-full size-full\" alt=\"\" srcset=\"https:\/\/planinlux.lu\/wp-content\/uploads\/2021\/08\/Guide-RSE-1.png 1x,https:\/\/planinlux.lu\/wp-content\/uploads\/2021\/08\/Guide-RSE-1.png 2x\" \/>   <\/div><\/div>[\/vc_column][vc_column width=\u00bb1\/2&#8243;]<div class=\"eut-empty-space eut-height-2x\" style=\"\"><\/div>[vc_column_text text_style=\u00bbleader-text\u00bb]<\/p>\n<p style=\"text-align: center;\">Descubre nuestra <strong>secci\u00f3n de recursos<\/strong> y descarga nuestras gu\u00edas y documentos para conocer a fondo las noticias, pol\u00edticas y tendencias de actualidad<\/p>\n<p>[\/vc_column_text]<div class=\"eut-empty-space eut-height-1x\" style=\"\"><\/div><div class=\"eut-empty-space eut-height-1x\" style=\"\"><\/div><div class=\"eut-element eut-align-center eut-animated-item eut-zoom-in eut-duration-normal\" data-delay=\"200\"><a href=\"https:\/\/planinlux.lu\/es\/recursos\/\" title=\"Recursos\" class=\"eut-btn eut-btn-medium eut-round eut-bg-black eut-bg-hover-primary-1\"><span><i class=\"fas fa-angle-double-right\"><\/i>Visualice todas las publicaciones<\/span><\/a><\/div>[\/vc_column][\/vc_row][vc_row padding_top_multiplier=\u00bb\u00bb padding_bottom_multiplier=\u00bb\u00bb columns_gap=\u00bb60&#8243;][vc_column css=\u00bb.vc_custom_1599228153902{margin-bottom: -60px !important;}\u00bb]<div class=\"eut-element eut-title eut-align-center eut-h4\" style=\"\"><span><strong>Actualidad<\/strong><\/span><\/div><div class=\"eut-element eut-divider eut-align-center\" style=\"padding-top: 0px;padding-bottom: 10px;\"><span class=\"eut-custom-divider eut-bg-primary-1\" style=\"width: 96px;height: 2px;\"><\/span><\/div><div class=\"eut-empty-space eut-height-3x\" style=\"\"><\/div>[\/vc_column][\/vc_row][vc_row][vc_column][vc_row_inner][vc_column_inner]\t\t<div class=\"eut-element eut-carousel eut-layout-1 eut-carousel-style-1 eut-with-gap eut-carousel-wrapper\" style=\"\" >\r\n  <div class=\"eut-carousel-wrapper\"><div class=\"eut-carousel-navigation eut-dark eut-navigation-1 eut-navigation-carousel\">\t<div class=\"eut-carousel-buttons\">\t\t<div class=\"eut-carousel-prev\">\t\t\t<i class=\"eut-icon-nav-left-small\"><\/i>\t\t<\/div>\t\t<div class=\"eut-carousel-next\">\t\t\t<i class=\"eut-icon-nav-right-small\"><\/i>\t\t<\/div>\t<\/div><\/div>\r\n\t\t\t<div class=\"eut-blog eut-blog-carousel eut-carousel-element\" data-items=\"3\" data-slider-speed=\"3000\" data-slider-pause=\"no\" data-pagination-speed=\"400\" data-pagination=\"no\" data-slider-autoplay=\"yes\" data-gutter-size=\"40\">\r\n\t\t\t\t<div class=\"eut-carousel-item\">\r\n\t\t\t\t\t<article class=\"eut-post-item post-8827 post type-post status-publish format-standard has-post-thumbnail hentry category-blog-es category-financiacion-europea category-noticias category-proyectos tag-economia-circular tag-simbiosis-industrial tag-sostenibilidad\" itemscope itemType=\"http:\/\/schema.org\/BlogPosting\">\r\n\t\t\t\t\t\t\t\t<div class=\"eut-media eut-image-hover\">\r\n\t\t\t\t\t\t<a href=\"https:\/\/planinlux.lu\/es\/liaise-cost-action-cooperacion-desarrollo-y-transferencia-transfronteriza-de-la-simbiosis-industrial-entre-la-industria-y-las-partes-interesadas\/\"><img loading=\"lazy\" decoding=\"async\" width=\"560\" height=\"420\" src=\"https:\/\/planinlux.lu\/wp-content\/uploads\/2023\/11\/LIAISE-first-meeting-560x420.jpg\" class=\"attachment-fildisi-eutf-small-rect-horizontal size-fildisi-eutf-small-rect-horizontal wp-post-image\" alt=\"\" srcset=\"https:\/\/planinlux.lu\/wp-content\/uploads\/2023\/11\/LIAISE-first-meeting-560x420.jpg 560w, https:\/\/planinlux.lu\/wp-content\/uploads\/2023\/11\/LIAISE-first-meeting-900x675.jpg 900w\" sizes=\"auto, (max-width: 560px) 100vw, 560px\" \/><\/a>\r\n\t\t\t\r\n\t\t<\/div>\r\n\t\t\t\t\t\t<div class=\"eut-post-content\">\r\n\t\t\t\t\t\t\t<ul class=\"eut-post-meta\">\r\n\t\t\t\t\t\t\t\t\t\t<li class=\"eut-post-author\">\r\n\t\t\t<span>Planinlux<\/span>\r\n\t\t<\/li>\r\n<li class=\"eut-post-date\">\t<time class=\"\" datetime=\"2022-10-24T17:48:42+00:00\">\r\n\t\t24 de octubre de 2022\t<\/time>\r\n<\/li>\t\t\t\t\t\t\t<\/ul>\r\n\t\t\t\t\t\t\t<a href=\"https:\/\/planinlux.lu\/es\/liaise-cost-action-cooperacion-desarrollo-y-transferencia-transfronteriza-de-la-simbiosis-industrial-entre-la-industria-y-las-partes-interesadas\/\" rel=\"bookmark\"><h2 class=\"eut-post-title eut-text-hover-primary-1 eut-h3\" itemprop=\"headline\">LIAISE COST Action: Cooperaci\u00f3n, desarrollo y transferencia transfronteriza de la simbiosis industrial entre la industria y las partes interesadas<\/h2><\/a>\t\t\t\t\t\t\t\t\t<span class=\"eut-hidden\">\r\n\t\t\t<span class=\"eut-structured-data entry-title\">LIAISE COST Action: Cooperaci\u00f3n, desarrollo y transferencia transfronteriza de la simbiosis industrial entre la industria y las partes interesadas<\/span>\r\n\t\t\t<span class=\"eut-structured-data\" itemprop=\"image\" itemscope itemtype=\"http:\/\/schema.org\/ImageObject\">\r\n\t\t\t   <span itemprop='url' >https:\/\/planinlux.lu\/wp-content\/uploads\/2023\/11\/LIAISE-first-meeting-scaled.jpg<\/span>\r\n\t\t\t   <span itemprop='height' >1920<\/span>\r\n\t\t\t   <span itemprop='width' >878<\/span>\r\n\t\t\t<\/span>\r\n\t\t\t\t\t\t<span class=\"eut-structured-data vcard author\" itemprop=\"author\" itemscope itemtype=\"http:\/\/schema.org\/Person\">\r\n\t\t\t\t<span itemprop=\"name\" class=\"fn\">Planinlux<\/span>\r\n\t\t\t<\/span>\r\n\t\t\t<span class=\"eut-structured-data\" itemprop=\"publisher\" itemscope itemtype=\"http:\/\/schema.org\/Organization\">\r\n\t\t\t\t<span itemprop='name'>Planinlux<\/span>\r\n\t\t\t\t<span itemprop='logo' itemscope itemtype='http:\/\/schema.org\/ImageObject'>\r\n\t\t\t\t\t<span itemprop='url'>https:\/\/secure.gravatar.com\/avatar\/c9d36117ca9f08c97d6b0a7c8145c36787c0e9554ca8f7cc3dbd1f9586a6bc87?s=96&#038;d=mm&#038;r=g<\/span>\r\n\t\t\t\t<\/span>\r\n\t\t\t<\/span>\r\n\t\t\t\t\t\t<time class=\"eut-structured-data date published\" itemprop=\"datePublished\" datetime=\"2022-10-24T17:48:42+00:00\">24 de octubre de 2022<\/time>\r\n\t\t\t<time class=\"eut-structured-data date updated\" itemprop=\"dateModified\"  datetime=\"2024-03-08T15:25:24+00:00\">8 de marzo de 2024<\/time>\r\n\t\t\t<span class=\"eut-structured-data\" itemprop=\"mainEntityOfPage\" itemscope itemtype=\"http:\/\/schema.org\/WebPage\" itemid=\"https:\/\/planinlux.lu\/es\/liaise-cost-action-cooperacion-desarrollo-y-transferencia-transfronteriza-de-la-simbiosis-industrial-entre-la-industria-y-las-partes-interesadas\/\"><\/span>\r\n\t\t<\/span>\r\n\t\t\t\t\t\t\t\t<div itemprop=\"articleBody\"><p>[vc_row][vc_column][vc_column_text]El 24 de octubre, nuestra fundadora y Directora General, Mar\u00eda Catal\u00e1n, particip\u00f3 en la reuni\u00f3n de lanzamiento organizada en Bruselas del proyecto LIAISE COST Action. Mar\u00eda es miembro del Comit\u00e9 de Gesti\u00f3n de este proyecto,&hellip;<\/p><\/div>\t\t\t\t\t\t<\/div>\r\n\t\t\t\t\t<\/article>\r\n\t\t\t\t<\/div>\r\n\t\t\t\t<div class=\"eut-carousel-item\">\r\n\t\t\t\t\t<article class=\"eut-post-item post-9108 post type-post status-publish format-standard has-post-thumbnail hentry category-blog-es category-digitalizacion category-financiacion category-noticias tag-digital-es tag-luxemburgo\" itemscope itemType=\"http:\/\/schema.org\/BlogPosting\">\r\n\t\t\t\t\t\t\t\t<div class=\"eut-media eut-image-hover\">\r\n\t\t\t\t\t\t<a href=\"https:\/\/planinlux.lu\/es\/planinlux-proveedor-de-servicios-acreditado-para-el-programa-sme-package-digital-en-luxemburgo\/\"><img loading=\"lazy\" decoding=\"async\" width=\"560\" height=\"420\" src=\"https:\/\/planinlux.lu\/wp-content\/uploads\/2024\/06\/SME-Package-Digital-Planinlux-560x420.png\" class=\"attachment-fildisi-eutf-small-rect-horizontal size-fildisi-eutf-small-rect-horizontal wp-post-image\" alt=\"\" srcset=\"https:\/\/planinlux.lu\/wp-content\/uploads\/2024\/06\/SME-Package-Digital-Planinlux-560x420.png 560w, https:\/\/planinlux.lu\/wp-content\/uploads\/2024\/06\/SME-Package-Digital-Planinlux-300x225.png 300w, https:\/\/planinlux.lu\/wp-content\/uploads\/2024\/06\/SME-Package-Digital-Planinlux-1024x768.png 1024w, https:\/\/planinlux.lu\/wp-content\/uploads\/2024\/06\/SME-Package-Digital-Planinlux-768x576.png 768w, https:\/\/planinlux.lu\/wp-content\/uploads\/2024\/06\/SME-Package-Digital-Planinlux-320x240.png 320w, https:\/\/planinlux.lu\/wp-content\/uploads\/2024\/06\/SME-Package-Digital-Planinlux-480x360.png 480w, https:\/\/planinlux.lu\/wp-content\/uploads\/2024\/06\/SME-Package-Digital-Planinlux-800x600.png 800w, https:\/\/planinlux.lu\/wp-content\/uploads\/2024\/06\/SME-Package-Digital-Planinlux-900x675.png 900w, https:\/\/planinlux.lu\/wp-content\/uploads\/2024\/06\/SME-Package-Digital-Planinlux.png 1200w\" sizes=\"auto, (max-width: 560px) 100vw, 560px\" \/><\/a>\r\n\t\t\t\r\n\t\t<\/div>\r\n\t\t\t\t\t\t<div class=\"eut-post-content\">\r\n\t\t\t\t\t\t\t<ul class=\"eut-post-meta\">\r\n\t\t\t\t\t\t\t\t\t\t<li class=\"eut-post-author\">\r\n\t\t\t<span>Planinlux<\/span>\r\n\t\t<\/li>\r\n<li class=\"eut-post-date\">\t<time class=\"\" datetime=\"2024-06-18T13:56:20+00:00\">\r\n\t\t18 de junio de 2024\t<\/time>\r\n<\/li>\t\t\t\t\t\t\t<\/ul>\r\n\t\t\t\t\t\t\t<a href=\"https:\/\/planinlux.lu\/es\/planinlux-proveedor-de-servicios-acreditado-para-el-programa-sme-package-digital-en-luxemburgo\/\" rel=\"bookmark\"><h2 class=\"eut-post-title eut-text-hover-primary-1 eut-h3\" itemprop=\"headline\">Planinlux: proveedor de servicios acreditado para el Programa SME Package Digital en Luxemburgo<\/h2><\/a>\t\t\t\t\t\t\t\t\t<span class=\"eut-hidden\">\r\n\t\t\t<span class=\"eut-structured-data entry-title\">Planinlux: proveedor de servicios acreditado para el Programa SME Package Digital en Luxemburgo<\/span>\r\n\t\t\t<span class=\"eut-structured-data\" itemprop=\"image\" itemscope itemtype=\"http:\/\/schema.org\/ImageObject\">\r\n\t\t\t   <span itemprop='url' >https:\/\/planinlux.lu\/wp-content\/uploads\/2024\/06\/SME-Package-Digital-Planinlux.png<\/span>\r\n\t\t\t   <span itemprop='height' >1200<\/span>\r\n\t\t\t   <span itemprop='width' >900<\/span>\r\n\t\t\t<\/span>\r\n\t\t\t\t\t\t<span class=\"eut-structured-data vcard author\" itemprop=\"author\" itemscope itemtype=\"http:\/\/schema.org\/Person\">\r\n\t\t\t\t<span itemprop=\"name\" class=\"fn\">Planinlux<\/span>\r\n\t\t\t<\/span>\r\n\t\t\t<span class=\"eut-structured-data\" itemprop=\"publisher\" itemscope itemtype=\"http:\/\/schema.org\/Organization\">\r\n\t\t\t\t<span itemprop='name'>Planinlux<\/span>\r\n\t\t\t\t<span itemprop='logo' itemscope itemtype='http:\/\/schema.org\/ImageObject'>\r\n\t\t\t\t\t<span itemprop='url'>https:\/\/secure.gravatar.com\/avatar\/c9d36117ca9f08c97d6b0a7c8145c36787c0e9554ca8f7cc3dbd1f9586a6bc87?s=96&#038;d=mm&#038;r=g<\/span>\r\n\t\t\t\t<\/span>\r\n\t\t\t<\/span>\r\n\t\t\t\t\t\t<time class=\"eut-structured-data date published\" itemprop=\"datePublished\" datetime=\"2024-06-18T13:56:20+00:00\">18 de junio de 2024<\/time>\r\n\t\t\t<time class=\"eut-structured-data date updated\" itemprop=\"dateModified\"  datetime=\"2024-06-18T14:25:42+00:00\">18 de junio de 2024<\/time>\r\n\t\t\t<span class=\"eut-structured-data\" itemprop=\"mainEntityOfPage\" itemscope itemtype=\"http:\/\/schema.org\/WebPage\" itemid=\"https:\/\/planinlux.lu\/es\/planinlux-proveedor-de-servicios-acreditado-para-el-programa-sme-package-digital-en-luxemburgo\/\"><\/span>\r\n\t\t<\/span>\r\n\t\t\t\t\t\t\t\t<div itemprop=\"articleBody\"><p>[vc_row][vc_column][vc_column_text css=\u00bb\u00bb]Nos complace anunciar que Planinlux ha sido acreditada como proveedor oficial de servicios en el marco del programa SME Package Digital en Luxemburgo, promovido por el Ministerio de Econom\u00eda. Esta oportunidad nos permite apoyar&hellip;<\/p><\/div>\t\t\t\t\t\t<\/div>\r\n\t\t\t\t\t<\/article>\r\n\t\t\t\t<\/div>\r\n\t\t\t\t<div class=\"eut-carousel-item\">\r\n\t\t\t\t\t<article class=\"eut-post-item post-9205 post type-post status-publish format-standard has-post-thumbnail hentry category-blog-es category-corporativo category-noticias tag-luxemburgo\" itemscope itemType=\"http:\/\/schema.org\/BlogPosting\">\r\n\t\t\t\t\t\t\t\t<div class=\"eut-media eut-image-hover\">\r\n\t\t\t\t\t\t<a href=\"https:\/\/planinlux.lu\/es\/planinlux-recibe-la-certificacion-made-in-luxembourg-un-compromiso-con-la-economia-local\/\"><img loading=\"lazy\" decoding=\"async\" width=\"560\" height=\"420\" src=\"https:\/\/planinlux.lu\/wp-content\/uploads\/2025\/03\/Made-in-Luxembourg-560x420.png\" class=\"attachment-fildisi-eutf-small-rect-horizontal size-fildisi-eutf-small-rect-horizontal wp-post-image\" alt=\"\" srcset=\"https:\/\/planinlux.lu\/wp-content\/uploads\/2025\/03\/Made-in-Luxembourg-560x420.png 560w, https:\/\/planinlux.lu\/wp-content\/uploads\/2025\/03\/Made-in-Luxembourg-300x225.png 300w, https:\/\/planinlux.lu\/wp-content\/uploads\/2025\/03\/Made-in-Luxembourg-1024x768.png 1024w, https:\/\/planinlux.lu\/wp-content\/uploads\/2025\/03\/Made-in-Luxembourg-768x576.png 768w, https:\/\/planinlux.lu\/wp-content\/uploads\/2025\/03\/Made-in-Luxembourg-1536x1152.png 1536w, https:\/\/planinlux.lu\/wp-content\/uploads\/2025\/03\/Made-in-Luxembourg-320x240.png 320w, https:\/\/planinlux.lu\/wp-content\/uploads\/2025\/03\/Made-in-Luxembourg-480x360.png 480w, https:\/\/planinlux.lu\/wp-content\/uploads\/2025\/03\/Made-in-Luxembourg-800x600.png 800w, https:\/\/planinlux.lu\/wp-content\/uploads\/2025\/03\/Made-in-Luxembourg-900x675.png 900w, https:\/\/planinlux.lu\/wp-content\/uploads\/2025\/03\/Made-in-Luxembourg-1920x1440.png 1920w, https:\/\/planinlux.lu\/wp-content\/uploads\/2025\/03\/Made-in-Luxembourg-600x450.png 600w\" sizes=\"auto, (max-width: 560px) 100vw, 560px\" \/><\/a>\r\n\t\t\t\r\n\t\t<\/div>\r\n\t\t\t\t\t\t<div class=\"eut-post-content\">\r\n\t\t\t\t\t\t\t<ul class=\"eut-post-meta\">\r\n\t\t\t\t\t\t\t\t\t\t<li class=\"eut-post-author\">\r\n\t\t\t<span>Planinlux<\/span>\r\n\t\t<\/li>\r\n<li class=\"eut-post-date\">\t<time class=\"\" datetime=\"2025-03-04T11:10:08+00:00\">\r\n\t\t4 de marzo de 2025\t<\/time>\r\n<\/li>\t\t\t\t\t\t\t<\/ul>\r\n\t\t\t\t\t\t\t<a href=\"https:\/\/planinlux.lu\/es\/planinlux-recibe-la-certificacion-made-in-luxembourg-un-compromiso-con-la-economia-local\/\" rel=\"bookmark\"><h2 class=\"eut-post-title eut-text-hover-primary-1 eut-h3\" itemprop=\"headline\">Planinlux recibe la certificaci\u00f3n &#8216;Made in Luxembourg&#8217;: Un compromiso con la econom\u00eda local<\/h2><\/a>\t\t\t\t\t\t\t\t\t<span class=\"eut-hidden\">\r\n\t\t\t<span class=\"eut-structured-data entry-title\">Planinlux recibe la certificaci\u00f3n &#8216;Made in Luxembourg&#8217;: Un compromiso con la econom\u00eda local<\/span>\r\n\t\t\t<span class=\"eut-structured-data\" itemprop=\"image\" itemscope itemtype=\"http:\/\/schema.org\/ImageObject\">\r\n\t\t\t   <span itemprop='url' >https:\/\/planinlux.lu\/wp-content\/uploads\/2025\/03\/Made-in-Luxembourg.png<\/span>\r\n\t\t\t   <span itemprop='height' >2700<\/span>\r\n\t\t\t   <span itemprop='width' >2025<\/span>\r\n\t\t\t<\/span>\r\n\t\t\t\t\t\t<span class=\"eut-structured-data vcard author\" itemprop=\"author\" itemscope itemtype=\"http:\/\/schema.org\/Person\">\r\n\t\t\t\t<span itemprop=\"name\" class=\"fn\">Planinlux<\/span>\r\n\t\t\t<\/span>\r\n\t\t\t<span class=\"eut-structured-data\" itemprop=\"publisher\" itemscope itemtype=\"http:\/\/schema.org\/Organization\">\r\n\t\t\t\t<span itemprop='name'>Planinlux<\/span>\r\n\t\t\t\t<span itemprop='logo' itemscope itemtype='http:\/\/schema.org\/ImageObject'>\r\n\t\t\t\t\t<span itemprop='url'>https:\/\/secure.gravatar.com\/avatar\/c9d36117ca9f08c97d6b0a7c8145c36787c0e9554ca8f7cc3dbd1f9586a6bc87?s=96&#038;d=mm&#038;r=g<\/span>\r\n\t\t\t\t<\/span>\r\n\t\t\t<\/span>\r\n\t\t\t\t\t\t<time class=\"eut-structured-data date published\" itemprop=\"datePublished\" datetime=\"2025-03-04T11:10:08+00:00\">4 de marzo de 2025<\/time>\r\n\t\t\t<time class=\"eut-structured-data date updated\" itemprop=\"dateModified\"  datetime=\"2025-03-11T14:48:38+00:00\">11 de marzo de 2025<\/time>\r\n\t\t\t<span class=\"eut-structured-data\" itemprop=\"mainEntityOfPage\" itemscope itemtype=\"http:\/\/schema.org\/WebPage\" itemid=\"https:\/\/planinlux.lu\/es\/planinlux-recibe-la-certificacion-made-in-luxembourg-un-compromiso-con-la-economia-local\/\"><\/span>\r\n\t\t<\/span>\r\n\t\t\t\t\t\t\t\t<div itemprop=\"articleBody\"><p>[vc_row][vc_column][vc_column_text css=\u00bb\u00bb] Nos complace anunciar que Planinlux ha recibido la prestigiosa certificaci\u00f3n Made in Luxembourg, un reconocimiento que refuerza nuestro compromiso con la econom\u00eda y el ecosistema empresarial del pa\u00eds. Esta distinci\u00f3n, otorgada a finales&hellip;<\/p><\/div>\t\t\t\t\t\t<\/div>\r\n\t\t\t\t\t<\/article>\r\n\t\t\t\t<\/div>\r\n<\/div>\t\t\t<\/div>\r\n\t\t<\/div>\r\n[\/vc_column_inner][\/vc_row_inner]<div class=\"eut-empty-space eut-height-2x\" style=\"\"><\/div>[\/vc_column][\/vc_row][vc_row][vc_column]<div class=\"eut-element eut-title eut-align-center eut-animated-item eut-zoom-in eut-duration-normal eut-h4\" style=\"\" data-delay=\"200\"><span><strong>Nuestros compromisos y colaboradores. <\/strong><\/span><\/div><div class=\"eut-element eut-divider eut-align-center\" style=\"padding-top: 0px;padding-bottom: 10px;\"><span class=\"eut-custom-divider eut-bg-primary-1\" style=\"width: 96px;height: 2px;\"><\/span><\/div>[\/vc_column][\/vc_row][vc_row padding_bottom_multiplier=\u00bb3x\u00bb][vc_column]<div class=\"eut-element eut-flexible-carousel eut-carousel eut-layout-1 eut-with-gap\" style=\"\"><div class=\"eut-carousel-wrapper\"><div class=\"eut-carousel-navigation eut-dark eut-navigation-1 eut-navigation-carousel\">\t<div class=\"eut-carousel-buttons\">\t\t<div class=\"eut-carousel-prev\">\t\t\t<i class=\"eut-icon-nav-left-small\"><\/i>\t\t<\/div>\t\t<div class=\"eut-carousel-next\">\t\t\t<i class=\"eut-icon-nav-right-small\"><\/i>\t\t<\/div>\t<\/div><\/div>\t<div class=\"eut-flexible-carousel-element \" data-items=\"3\" data-items-tablet-landscape=\"3\" data-items-tablet-portrait=\"2\" data-items-mobile=\"1\" data-slider-speed=\"3000\" data-pagination-speed=\"400\" data-pagination=\"no\" data-slider-autoheight=\"no\" data-slider-pause=\"no\" data-slider-autoplay=\"yes\"><div class=\"eut-element eut-image eut-align-center\" style=\"\">  <div class=\"eut-image-wrapper\"><img loading=\"lazy\" decoding=\"async\" width=\"400\" height=\"224\" src=\"https:\/\/planinlux.lu\/wp-content\/uploads\/2026\/01\/Logos-homepage-Planinlux-e1768505854250.png\" class=\"attachment-full size-full\" alt=\"\" srcset=\"https:\/\/planinlux.lu\/wp-content\/uploads\/2026\/01\/Logos-homepage-Planinlux-e1768505854250.png 1x,https:\/\/planinlux.lu\/wp-content\/uploads\/2026\/01\/Logos-homepage-Planinlux-e1768505854250.png 2x\" \/>   <\/div><\/div><div class=\"eut-element eut-image eut-align-center\" style=\"\">  <div class=\"eut-image-wrapper\"><img loading=\"lazy\" decoding=\"async\" width=\"400\" height=\"147\" src=\"https:\/\/planinlux.lu\/wp-content\/uploads\/2026\/01\/2-e1768506030467.png\" class=\"attachment-full size-full\" alt=\"\" srcset=\"https:\/\/planinlux.lu\/wp-content\/uploads\/2026\/01\/2-e1768506030467.png 1x,https:\/\/planinlux.lu\/wp-content\/uploads\/2026\/01\/2-e1768506030467.png 2x\" \/>   <\/div><\/div><div class=\"eut-element eut-image eut-align-center\" style=\"\">  <div class=\"eut-image-wrapper\"><img loading=\"lazy\" decoding=\"async\" width=\"400\" height=\"167\" src=\"https:\/\/planinlux.lu\/wp-content\/uploads\/2026\/01\/7-e1768505883203.png\" class=\"attachment-full size-full\" alt=\"\" srcset=\"https:\/\/planinlux.lu\/wp-content\/uploads\/2026\/01\/7-e1768505883203.png 1x,https:\/\/planinlux.lu\/wp-content\/uploads\/2026\/01\/7-e1768505883203.png 2x\" \/>   <\/div><\/div><div class=\"eut-element eut-image eut-align-center\" style=\"\">  <div class=\"eut-image-wrapper\"><img loading=\"lazy\" decoding=\"async\" width=\"400\" height=\"152\" src=\"https:\/\/planinlux.lu\/wp-content\/uploads\/2026\/01\/4-e1768505977726.png\" class=\"attachment-full size-full\" alt=\"\" srcset=\"https:\/\/planinlux.lu\/wp-content\/uploads\/2026\/01\/4-e1768505977726.png 1x,https:\/\/planinlux.lu\/wp-content\/uploads\/2026\/01\/4-e1768505977726.png 2x\" \/>   <\/div><\/div><div class=\"eut-element eut-image eut-align-center\" style=\"\">  <div class=\"eut-image-wrapper\"><img loading=\"lazy\" decoding=\"async\" width=\"400\" height=\"193\" src=\"https:\/\/planinlux.lu\/wp-content\/uploads\/2026\/01\/3-e1768506003148.png\" class=\"attachment-full size-full\" alt=\"\" srcset=\"https:\/\/planinlux.lu\/wp-content\/uploads\/2026\/01\/3-e1768506003148.png 1x,https:\/\/planinlux.lu\/wp-content\/uploads\/2026\/01\/3-e1768506003148.png 2x\" \/>   <\/div><\/div><div class=\"eut-element eut-image eut-align-center\" style=\"\">  <div class=\"eut-image-wrapper\"><img loading=\"lazy\" decoding=\"async\" width=\"400\" height=\"250\" src=\"https:\/\/planinlux.lu\/wp-content\/uploads\/2026\/01\/5-e1768505952682.png\" class=\"attachment-full size-full\" alt=\"\" srcset=\"https:\/\/planinlux.lu\/wp-content\/uploads\/2026\/01\/5-e1768505952682.png 1x,https:\/\/planinlux.lu\/wp-content\/uploads\/2026\/01\/5-e1768505952682.png 2x\" \/>   <\/div><\/div><div class=\"eut-element eut-image eut-align-center\" style=\"\">  <div class=\"eut-image-wrapper\"><img loading=\"lazy\" decoding=\"async\" width=\"400\" height=\"202\" src=\"https:\/\/planinlux.lu\/wp-content\/uploads\/2026\/01\/6-e1768505915795.png\" class=\"attachment-full size-full\" alt=\"\" srcset=\"https:\/\/planinlux.lu\/wp-content\/uploads\/2026\/01\/6-e1768505915795.png 1x,https:\/\/planinlux.lu\/wp-content\/uploads\/2026\/01\/6-e1768505915795.png 2x\" \/>   <\/div><\/div>\t<\/div>  <\/div><\/div>[\/vc_column][\/vc_row]<\/p>\n<\/div>","protected":false},"excerpt":{"rendered":"<p>Encuentra la soluci\u00f3n que necesitas para impulsar tu negocio<\/p>\n","protected":false},"author":3,"featured_media":6943,"parent":0,"menu_order":0,"comment_status":"closed","ping_status":"closed","template":"","meta":{"footnotes":""},"class_list":["post-5602","page","type-page","status-publish","has-post-thumbnail","hentry"],"yoast_head":"<!-- This site is optimized with the Yoast SEO plugin v27.4 - https:\/\/yoast.com\/product\/yoast-seo-wordpress\/ -->\n<title>PlaninLux - Encuentra la soluci\u00f3n que necesitas para impulsar tu negocio<\/title>\n<meta name=\"description\" content=\"Ofrecemos soluciones personalizadas para independientes, PYMEs, grandes corporaciones y asociaciones\" \/>\n<meta name=\"robots\" content=\"index, follow, max-snippet:-1, max-image-preview:large, max-video-preview:-1\" \/>\n<link rel=\"canonical\" href=\"https:\/\/planinlux.lu\/es\/\" \/>\n<meta property=\"og:locale\" content=\"es_ES\" \/>\n<meta property=\"og:type\" content=\"article\" \/>\n<meta property=\"og:title\" content=\"PlaninLux | Soluciones Sostenibles\" \/>\n<meta property=\"og:description\" content=\"Ofrecemos soluciones sostenibles a medida para ayudar a las empresas a aumentar su rentabilidad, adoptando un enfoque activo y responsable.\" \/>\n<meta property=\"og:url\" content=\"https:\/\/planinlux.lu\/es\/\" \/>\n<meta property=\"og:site_name\" content=\"PlaninLux\" \/>\n<meta property=\"article:modified_time\" content=\"2026-01-06T21:49:33+00:00\" \/>\n<meta property=\"og:image\" content=\"https:\/\/planinlux.lu\/wp-content\/uploads\/2020\/10\/Planinlux-Sustainable-Consulting-TRANSPARENTE.png\" \/>\n<meta name=\"twitter:card\" content=\"summary_large_image\" \/>\n<meta name=\"twitter:title\" content=\"PlaninLux | Soluciones Sostenibles\" \/>\n<meta name=\"twitter:description\" content=\"Ofrecemos soluciones sostenibles a medida para ayudar a las empresas a aumentar su rentabilidad, adoptando un enfoque activo y responsable.\" \/>\n<meta name=\"twitter:image\" content=\"https:\/\/planinlux.lu\/wp-content\/uploads\/2020\/10\/Planinlux-Sustainable-Consulting-TRANSPARENTE.png\" \/>\n<meta name=\"twitter:label1\" content=\"Tiempo de lectura\" \/>\n\t<meta name=\"twitter:data1\" content=\"5 minutos\" \/>\n<script type=\"application\/ld+json\" class=\"yoast-schema-graph\">{\"@context\":\"https:\\\/\\\/schema.org\",\"@graph\":[{\"@type\":\"WebPage\",\"@id\":\"https:\\\/\\\/planinlux.lu\\\/es\\\/\",\"url\":\"https:\\\/\\\/planinlux.lu\\\/es\\\/\",\"name\":\"PlaninLux - Encuentra la soluci\u00f3n que necesitas para impulsar tu negocio\",\"isPartOf\":{\"@id\":\"https:\\\/\\\/planinlux.lu\\\/es\\\/#website\"},\"primaryImageOfPage\":{\"@id\":\"https:\\\/\\\/planinlux.lu\\\/es\\\/#primaryimage\"},\"image\":{\"@id\":\"https:\\\/\\\/planinlux.lu\\\/es\\\/#primaryimage\"},\"thumbnailUrl\":\"https:\\\/\\\/planinlux.lu\\\/wp-content\\\/uploads\\\/2022\\\/02\\\/European-Council-scaled.jpeg\",\"datePublished\":\"2017-01-26T11:25:03+00:00\",\"dateModified\":\"2026-01-06T21:49:33+00:00\",\"description\":\"Ofrecemos soluciones personalizadas para independientes, PYMEs, grandes corporaciones y asociaciones\",\"breadcrumb\":{\"@id\":\"https:\\\/\\\/planinlux.lu\\\/es\\\/#breadcrumb\"},\"inLanguage\":\"es\",\"potentialAction\":[{\"@type\":\"ReadAction\",\"target\":[\"https:\\\/\\\/planinlux.lu\\\/es\\\/\"]}]},{\"@type\":\"ImageObject\",\"inLanguage\":\"es\",\"@id\":\"https:\\\/\\\/planinlux.lu\\\/es\\\/#primaryimage\",\"url\":\"https:\\\/\\\/planinlux.lu\\\/wp-content\\\/uploads\\\/2022\\\/02\\\/European-Council-scaled.jpeg\",\"contentUrl\":\"https:\\\/\\\/planinlux.lu\\\/wp-content\\\/uploads\\\/2022\\\/02\\\/European-Council-scaled.jpeg\",\"width\":2560,\"height\":1707},{\"@type\":\"BreadcrumbList\",\"@id\":\"https:\\\/\\\/planinlux.lu\\\/es\\\/#breadcrumb\",\"itemListElement\":[{\"@type\":\"ListItem\",\"position\":1,\"name\":\"Home\",\"item\":\"https:\\\/\\\/planinlux.lu\\\/es\\\/home-2\\\/\"},{\"@type\":\"ListItem\",\"position\":2,\"name\":\"Inicio\"}]},{\"@type\":\"WebSite\",\"@id\":\"https:\\\/\\\/planinlux.lu\\\/es\\\/#website\",\"url\":\"https:\\\/\\\/planinlux.lu\\\/es\\\/\",\"name\":\"PlaninLux\",\"description\":\"Business Solutions\",\"publisher\":{\"@id\":\"https:\\\/\\\/planinlux.lu\\\/es\\\/#organization\"},\"potentialAction\":[{\"@type\":\"SearchAction\",\"target\":{\"@type\":\"EntryPoint\",\"urlTemplate\":\"https:\\\/\\\/planinlux.lu\\\/es\\\/?s={search_term_string}\"},\"query-input\":{\"@type\":\"PropertyValueSpecification\",\"valueRequired\":true,\"valueName\":\"search_term_string\"}}],\"inLanguage\":\"es\"},{\"@type\":\"Organization\",\"@id\":\"https:\\\/\\\/planinlux.lu\\\/es\\\/#organization\",\"name\":\"PlaninLux\",\"url\":\"https:\\\/\\\/planinlux.lu\\\/es\\\/\",\"logo\":{\"@type\":\"ImageObject\",\"inLanguage\":\"es\",\"@id\":\"https:\\\/\\\/planinlux.lu\\\/es\\\/#\\\/schema\\\/logo\\\/image\\\/\",\"url\":\"\",\"contentUrl\":\"\",\"caption\":\"PlaninLux\"},\"image\":{\"@id\":\"https:\\\/\\\/planinlux.lu\\\/es\\\/#\\\/schema\\\/logo\\\/image\\\/\"},\"sameAs\":[\"https:\\\/\\\/www.linkedin.com\\\/company\\\/planinlux\\\/\"]}]}<\/script>\n<!-- \/ Yoast SEO plugin. -->","yoast_head_json":{"title":"PlaninLux - Encuentra la soluci\u00f3n que necesitas para impulsar tu negocio","description":"Ofrecemos soluciones personalizadas para independientes, PYMEs, grandes corporaciones y asociaciones","robots":{"index":"index","follow":"follow","max-snippet":"max-snippet:-1","max-image-preview":"max-image-preview:large","max-video-preview":"max-video-preview:-1"},"canonical":"https:\/\/planinlux.lu\/es\/","og_locale":"es_ES","og_type":"article","og_title":"PlaninLux | Soluciones Sostenibles","og_description":"Ofrecemos soluciones sostenibles a medida para ayudar a las empresas a aumentar su rentabilidad, adoptando un enfoque activo y responsable.","og_url":"https:\/\/planinlux.lu\/es\/","og_site_name":"PlaninLux","article_modified_time":"2026-01-06T21:49:33+00:00","og_image":[{"url":"https:\/\/planinlux.lu\/wp-content\/uploads\/2020\/10\/Planinlux-Sustainable-Consulting-TRANSPARENTE.png","type":"","width":"","height":""}],"twitter_card":"summary_large_image","twitter_title":"PlaninLux | Soluciones Sostenibles","twitter_description":"Ofrecemos soluciones sostenibles a medida para ayudar a las empresas a aumentar su rentabilidad, adoptando un enfoque activo y responsable.","twitter_image":"https:\/\/planinlux.lu\/wp-content\/uploads\/2020\/10\/Planinlux-Sustainable-Consulting-TRANSPARENTE.png","twitter_misc":{"Tiempo de lectura":"5 minutos"},"schema":{"@context":"https:\/\/schema.org","@graph":[{"@type":"WebPage","@id":"https:\/\/planinlux.lu\/es\/","url":"https:\/\/planinlux.lu\/es\/","name":"PlaninLux - Encuentra la soluci\u00f3n que necesitas para impulsar tu negocio","isPartOf":{"@id":"https:\/\/planinlux.lu\/es\/#website"},"primaryImageOfPage":{"@id":"https:\/\/planinlux.lu\/es\/#primaryimage"},"image":{"@id":"https:\/\/planinlux.lu\/es\/#primaryimage"},"thumbnailUrl":"https:\/\/planinlux.lu\/wp-content\/uploads\/2022\/02\/European-Council-scaled.jpeg","datePublished":"2017-01-26T11:25:03+00:00","dateModified":"2026-01-06T21:49:33+00:00","description":"Ofrecemos soluciones personalizadas para independientes, PYMEs, grandes corporaciones y asociaciones","breadcrumb":{"@id":"https:\/\/planinlux.lu\/es\/#breadcrumb"},"inLanguage":"es","potentialAction":[{"@type":"ReadAction","target":["https:\/\/planinlux.lu\/es\/"]}]},{"@type":"ImageObject","inLanguage":"es","@id":"https:\/\/planinlux.lu\/es\/#primaryimage","url":"https:\/\/planinlux.lu\/wp-content\/uploads\/2022\/02\/European-Council-scaled.jpeg","contentUrl":"https:\/\/planinlux.lu\/wp-content\/uploads\/2022\/02\/European-Council-scaled.jpeg","width":2560,"height":1707},{"@type":"BreadcrumbList","@id":"https:\/\/planinlux.lu\/es\/#breadcrumb","itemListElement":[{"@type":"ListItem","position":1,"name":"Home","item":"https:\/\/planinlux.lu\/es\/home-2\/"},{"@type":"ListItem","position":2,"name":"Inicio"}]},{"@type":"WebSite","@id":"https:\/\/planinlux.lu\/es\/#website","url":"https:\/\/planinlux.lu\/es\/","name":"PlaninLux","description":"Business Solutions","publisher":{"@id":"https:\/\/planinlux.lu\/es\/#organization"},"potentialAction":[{"@type":"SearchAction","target":{"@type":"EntryPoint","urlTemplate":"https:\/\/planinlux.lu\/es\/?s={search_term_string}"},"query-input":{"@type":"PropertyValueSpecification","valueRequired":true,"valueName":"search_term_string"}}],"inLanguage":"es"},{"@type":"Organization","@id":"https:\/\/planinlux.lu\/es\/#organization","name":"PlaninLux","url":"https:\/\/planinlux.lu\/es\/","logo":{"@type":"ImageObject","inLanguage":"es","@id":"https:\/\/planinlux.lu\/es\/#\/schema\/logo\/image\/","url":"","contentUrl":"","caption":"PlaninLux"},"image":{"@id":"https:\/\/planinlux.lu\/es\/#\/schema\/logo\/image\/"},"sameAs":["https:\/\/www.linkedin.com\/company\/planinlux\/"]}]}},"_links":{"self":[{"href":"https:\/\/planinlux.lu\/es\/wp-json\/wp\/v2\/pages\/5602","targetHints":{"allow":["GET"]}}],"collection":[{"href":"https:\/\/planinlux.lu\/es\/wp-json\/wp\/v2\/pages"}],"about":[{"href":"https:\/\/planinlux.lu\/es\/wp-json\/wp\/v2\/types\/page"}],"author":[{"embeddable":true,"href":"https:\/\/planinlux.lu\/es\/wp-json\/wp\/v2\/users\/3"}],"replies":[{"embeddable":true,"href":"https:\/\/planinlux.lu\/es\/wp-json\/wp\/v2\/comments?post=5602"}],"version-history":[{"count":232,"href":"https:\/\/planinlux.lu\/es\/wp-json\/wp\/v2\/pages\/5602\/revisions"}],"predecessor-version":[{"id":10104,"href":"https:\/\/planinlux.lu\/es\/wp-json\/wp\/v2\/pages\/5602\/revisions\/10104"}],"wp:featuredmedia":[{"embeddable":true,"href":"https:\/\/planinlux.lu\/es\/wp-json\/wp\/v2\/media\/6943"}],"wp:attachment":[{"href":"https:\/\/planinlux.lu\/es\/wp-json\/wp\/v2\/media?parent=5602"}],"curies":[{"name":"wp","href":"https:\/\/api.w.org\/{rel}","templated":true}]}}